{"version":"1.0","provider_name":"Borderline Napl\u00f3k","provider_url":"https:\/\/borderlinenaplok.cafeblog.hu","author_name":"saci34","author_url":"https:\/\/borderlinenaplok.cafeblog.hu\/author\/saci34\/","title":"Nem mondhatom el senkinek...","html":"<p>&nbsp;<\/p>\r\n<p>Nem mondhatom el senkinek... \u00edgy sz\u00f3lt az a n\u00e9gy sz\u00f3, amit eml\u00e9k\u00fcl hagytam, amikor elhagytam a gimit. N\u00e9gy sz\u00f3t, egy \u00fczenetet kellett kital\u00e1lni b\u00facs\u00faz\u00f3ul. Nekem Karinthy verse jutott eszembe. Akkor m\u00e9g nem tudtam, mennyire igaz lesz ez egy k\u00e9s\u0151bbi id\u0151szakomra.\u00a0<\/p>\r\n<p>A ny\u00e1ron egy pszichoter\u00e1pi\u00e1s int\u00e9zm\u00e9nyben laktam- gyakorlatilag egy pszichol\u00f3giai k\u00f3rh\u00e1zban. Olyan, mint a pszichi\u00e1tria, de m\u00e9gsem. \u00d6nk\u00e9ntes alapon ment\u00fcnk be, \u00f6nk\u00e9ntesen t\u00e1vozhattunk b\u00e1rmikor, volt kimen\u0151, a h\u00e9tv\u00e9g\u00e9t otthon t\u00f6lthett\u00fck \u00e9s nem voltunk \u00e1gyhoz k\u00f6tve. Sokkal szabadabb, mint egy z\u00e1rt oszt\u00e1ly: mint a pszichi \u00e9s a ny\u00e1ri t\u00e1bor kever\u00e9ke. Est\u00e9nk\u00e9nt cigi, \u0151szinte m\u00e9ly besz\u00e9lget\u00e9sek, git\u00e1r, nasik \u00e9s k\u00f6z\u00f6s \u00e9nekl\u00e9s a szabad \u00e9g alatt. De nemcsak ebben \u00e9s a sokf\u00e9le csoport \u00e9s egy\u00e9ni ter\u00e1pi\u00e1ban k\u00fcl\u00f6nb\u00f6z\u00f6tt ez a hely a \u201eval\u00f3 vil\u00e1gt\u00f3l\u201d. Itt semmi nem volt tabu. Mindenr\u0151l \u00e9s b\u00e1rmir\u0151l besz\u00e9lhett\u00fcnk \u00e9s besz\u00e9lt\u00fcnk is.<\/p>\r\n<p>\u00c9s ez ma a mag\u00e1n\u00e9letemben, a \u201eval\u00f3 vil\u00e1gban\u201d olykor hi\u00e1nyzik. Bent tudtuk, hogy a bolond nem s\u00e9rt\u00e9s, a ment\u00e1lis betegs\u00e9g nem \u0151r\u00fclts\u00e9g, az anorexia nem fogy\u00f3k\u00fara, a depresszi\u00f3 nem szomor\u00fas\u00e1g, a szorong\u00e1s nem idegess\u00e9g \u00e9s az OCD nem h\u00f3bort.<\/p>\r\n<p>\u00c9n ezzel a tud\u00e1ssal t\u00e9rtem haza. Azonban itthon teljesen term\u00e9szetes, hogy a bar\u00e1taim anorexi\u00e1snak mondanak b\u00e1rkit, aki v\u00e9kony, viccel\u0151dnek, hogy mind depisek \u00e9s \u201emutasd a karod, hol vannak a v\u00e1g\u00e1sok\u201d haha\u2026 nekem pedig minden egyes ilyen alkalomn\u00e1l g\u00f6rcsbe r\u00e1ndul a gyomrom \u00e9s megjelenik egy gondolat, ami a nyelvemen van. Azonban a hangsz\u00e1laim nem engedelmeskednek - az agyam meg\u00e1ll\u00edtja \u0151ket, sz\u00f3l nekik: \u201efura lenni, ha most d\u00fchbe guruln\u00e1l \u00e9s elkezden\u00e9l pr\u00e9dik\u00e1lni arr\u00f3l, hogy az anorexia nem egyenl\u0151 a v\u00e9konnyal \u00e9s a bulimia f\u00fcgg\u0151s\u00e9g, csak\u00fagy mint a falcol\u00e1s\u201d.<\/p>\r\n<p>Pedig szeretn\u00e9k. De nem tudom, hol kezdjem, egy\u00e1ltal\u00e1n az \u00e9n dolgom-e ez, nem e hozom ezzel kellemetlen helyzetbe saj\u00e1t magam, hisz r\u00f6gt\u00f6n kider\u00fcl, hogy \u00e9rz\u00e9kenyen \u00e9rint \u00e9s egy\u00e9bk\u00e9nt is, \u00e9rdekel-e ez b\u00e1rkit rajtam k\u00edv\u00fcl?<\/p>\r\n<p>Bizony\u00e1ra igen, m\u00e9gsem besz\u00e9l\u00fcnk r\u00f3la. Tabu marad.<\/p>\r\n<p>Hossz\u00fa monol\u00f3gokba kezden\u00e9k, de tartok att\u00f3l, hogy furcs\u00e1n n\u00e9zn\u00e9nek r\u00e1m, nem \u00e9rdekeln\u00e9 \u0151ket vagy r\u00f6gt\u00f6n lev\u00e1gn\u00e1k, hogy szem\u00e9lyesen \u00e9rintett vagyok. \u00c9s b\u00e1rmennyire akarok err\u0151l besz\u00e9lni, tartok att\u00f3l, hogy mi lesz az emberek reakci\u00f3ja, ha kider\u00fcl. \u00c9n vagyok, de v\u00e1ltoztam. Sok megpr\u00f3b\u00e1ltat\u00e1s van m\u00f6g\u00f6ttem \u00e9s m\u00e1s vagyok, mint az \u00e1tlag: nap, mint nap egy ment\u00e1lis betegs\u00e9ggel harcolok, ami nem gy\u00f3gyul, maximum szinten tarthat\u00f3.<\/p>\r\n<p>Be akarom vezetni a besz\u00e9lget\u00e9sekbe ezt, azonban f\u00e9lek az \u00e9rtetlens\u00e9gt\u0151l, az \u00edt\u00e9lett\u0151l ( a t\u00e9vhitek miatt) \u00e9s a rossz reakci\u00f3ra.<\/p>\r\n<p>Hisz ezzel bevallom, hogy s\u00e9r\u00fclt vagyok. Felv\u00e1llalom a gyenges\u00e9gem. \u00c9s mi van, ha valaki k\u00f6zli, hogy ez m\u00e1r sok neki \u00e9s elhagy? Vagy m\u00e9g rosszabb: nem k\u00f6zli, de gondolja - \u00e9rezteti \u00e9s t\u00e1volodik.<\/p>\r\n<p>Sz\u00f3val a f\u00e9lelem visszatart, de a reg\u00e9nyem k\u00e9sz\u00fcl\u0151ben van \u00e9s \u00e9n hiszek abban, amit mondani szeretn\u00e9k, hiszen sz\u00fcks\u00e9g van erre Magyarorsz\u00e1gon.<\/p>\r\n<p>T\u00fal sokan szenved\u00fcnk n\u00e9m\u00e1n. Kell egy hang.\u00a0<\/p>\r\n<p><em><u>\u00a0<\/u><\/em><\/p>\r\n<p>&nbsp;<\/p>","type":"rich","thumbnail_url":"https:\/\/borderlinenaplok.cafeblog.hu\/files\/2018\/10\/250px-Mental_Disorder_Silhouette-150x150.png","thumbnail_width":150,"thumbnail_height":150}